{"id":6,"date":"2012-07-09T17:54:26","date_gmt":"2012-07-09T15:54:26","guid":{"rendered":"http:\/\/francelyme.fr\/WordPress3\/?page_id=6"},"modified":"2026-02-20T23:26:00","modified_gmt":"2026-02-20T22:26:00","slug":"presentation","status":"publish","type":"page","link":"https:\/\/francelyme.fr\/site\/presentation\/","title":{"rendered":"Qui sommes-nous ?"},"content":{"rendered":"<div class=\"like-button\" style=\"float: right; clear: both; text-align: right; width = 100%;\">\n<!-- Facebook Like Button Vivacity Infotech BEGIN -->\n<div class=\"fb-like\" data-href=\"https:\/\/francelyme.fr\/site\/presentation\/\" data-layout=\"box_count\" data-action=\"like\" data-show-faces=\"false\" data-size=\"large\" data-width=\"450\" data-share=\"1\" ><\/div><\/div>\n<!-- Facebook Like Button Vivacity Infotech END -->\n<div id=\"fb-root\"><\/div>\n\n<div class=\"wp-block-group\"><div class=\"wp-block-group__inner-container is-layout-constrained wp-block-group-is-layout-constrained\">\n<div class=\"wp-block-group\"><div class=\"wp-block-group__inner-container is-layout-constrained wp-block-group-is-layout-constrained\">\n<p>\u2022 France Lyme a \u00e9t\u00e9 cr\u00e9\u00e9e en 2008 <br>\u2022 France Lyme est aujourd\u2019hui la principale association de patients atteints de maladies vectorielles \u00e0 tiques en France (MVT) <br>\u2022 France Lyme est reconnue d\u2019int\u00e9r\u00eat g\u00e9n\u00e9ral et, \u00e0 ce titre, elle peut \u00e9mettre des re\u00e7us fiscaux ouvrant droit \u00e0 une r\u00e9duction d\u2019imp\u00f4t au profit des donateurs <br>\u2022 France Lyme est agr\u00e9\u00e9e par le Minist\u00e8re de la Sant\u00e9 depuis le 11 juin 2019 et a vu son agr\u00e9ment renouvel\u00e9 pour une dur\u00e9e de 5 ans par arr\u00eat\u00e9 minist\u00e9riel du 24 mai 2024 <\/p>\n\n\n\n<p>\u2022 France Lyme est adh\u00e9rente de France Assos Sant\u00e9 <br>\u2022 France Lyme est syst\u00e9matiquement sollicit\u00e9e par les Autorit\u00e9s de Sant\u00e9 sur tout sujet relatif aux MVT <br>\u2022 France Lyme est r\u00e9guli\u00e8rement auditionn\u00e9e au Parlement <br>\u2022 France Lyme compte environ 2000 adh\u00e9rents et 3000 sympathisants <\/p>\n\n\n\n<p>\u2022 L&rsquo;association est suivie par plus de 15 000 followers sur les r\u00e9seaux sociaux<br>\u2022 France Lyme se d\u00e9ploie au niveau de sections locales <br>\u2022 le si\u00e8ge social de France Lyme est situ\u00e9 \u00e0 Lyon.<\/p>\n<\/div><\/div>\n<\/div><\/div>\n\n\n\n<h2 class=\"wp-block-heading has-background\" style=\"background-color:#f2d338\">France Lyme se fixe 4 missions<\/h2>\n\n\n\n<p>Elles sont au nombre de quatre.<\/p>\n\n\n\n<h4 class=\"wp-block-heading has-background\" style=\"background-color:#f2d338\"><strong>1- \u00c9couter et accompagner les malades<\/strong><\/h4>\n\n\n\n<p>L\u2019association d\u00e9ploie diff\u00e9rentes formes d\u2019accueil et d\u2019\u00e9coute des patients atteints par des maladies vectorielles \u00e0 tiques :<\/p>\n\n\n\n<ul class=\"wp-block-list\">\n<li>en instaurant des temps de dialogue r\u00e9guliers pour permettre aux malades de partager leur exp\u00e9rience et sortir de leur isolement : rencontres en pr\u00e9sentiel et en visio ;<\/li>\n\n\n\n<li>en proposant des ressources p\u00e9dagogiques : guide patient, FAQ, fiches pratiques sur les d\u00e9marches administratives, questions juridiques ;<\/li>\n\n\n\n<li>en les informant \u00e0 travers nos activit\u00e9s : rencontres, webinaires, \u2026 ;<\/li>\n\n\n\n<li>en les orientant en leur fournissant une information claire et actualis\u00e9e sur les parcours de soin, les droits des patients et les aides disponibles.<\/li>\n<\/ul>\n\n\n\n<h4 class=\"wp-block-heading has-background\" style=\"background-color:#f2d338\"><strong>2- Informer sur les maladies vectorielles \u00e0 tique<\/strong>s<\/h4>\n\n\n\n<p>L\u2019association d\u00e9ploie diff\u00e9rents moyens pour effectuer sa mission de pr\u00e9vention vis-\u00e0-vis du grand public et des professionnels de la nature\u00a0:<\/p>\n\n\n\n<ul class=\"wp-block-list\">\n<li>d\u00e9ploiement de panneaux d\u2019information sur les tiques et distribution de mallettes p\u00e9dagogiques sur financements ARS\u00a0;<\/li>\n\n\n\n<li>site internet, affiches, plaquettes, r\u00e9seaux sociaux, conf\u00e9rences.<\/li>\n<\/ul>\n\n\n\n<p>L\u2019association s\u2019appuie sur une veille scientifique pour faire connaitre les enjeux li\u00e9s aux formes longues en expliquant les hypoth\u00e8ses actuelles, les avanc\u00e9es et les besoins de recherche.<\/p>\n\n\n\n<h4 class=\"wp-block-heading has-background\" style=\"background-color:#f2d338\"><strong>3- D\u00e9velopper la recherche et partager les connaissances<\/strong><\/h4>\n\n\n\n<p>L\u2019association, par ses actions, vise \u00e0\u00a0:<\/p>\n\n\n\n<ul class=\"wp-block-list\">\n<li>d\u00e9velopper la recherche sur les causes du Lyme long&nbsp;;<\/li>\n\n\n\n<li>faire mieux connaitre les diff\u00e9rentes maladies vectorielles \u00e0 tiques&nbsp;;<\/li>\n\n\n\n<li>favoriser la d\u00e9couverte de th\u00e9rapeutiques pour les cas complexes&nbsp;;<\/li>\n\n\n\n<li>contribuer aux travaux en sciences sociales sur l\u2019exp\u00e9rience des malades, la relation patient-soignant, la pair-aidance et les partenariats en sant\u00e9 ;<\/li>\n\n\n\n<li>participer aux travaux sur la sant\u00e9 globale : concept OneHealth.<\/li>\n<\/ul>\n\n\n\n<h4 class=\"wp-block-heading has-background\" style=\"background-color:#f2d338\"><strong>4- Repr\u00e9senter les personnes souffrant de maladies vectorielles \u00e0 tique<\/strong><\/h4>\n\n\n\n<p>L\u2019association porte collectivement la voix des malades en identifiant et en faisant remonter les diff\u00e9rentes probl\u00e9matiques :<\/p>\n\n\n\n<ul class=\"wp-block-list\">\n<li>au niveau de l\u2019ex\u00e9cutif (pr\u00e9sidence, gouvernement, minist\u00e8re la sant\u00e9, DGS et DGOS), du l\u00e9gislatif (assembl\u00e9e nationale et s\u00e9nat) et aupr\u00e8s de la Haute Autorit\u00e9 de Sant\u00e9 (HAS), de la Caisse Nationale et de la Caisse Primaire d\u2019Assurance-Maladie (CNAM et CPAM), des Agences R\u00e9gionales de Sant\u00e9 (ARS) et de la MSA\u00a0;<\/li>\n\n\n\n<li>aupr\u00e8s des \u00e9tablissements mettant en \u0153uvre le parcours de soins\u00a0: centres de comp\u00e9tences (CC) et centres de r\u00e9f\u00e9rence (CR) des maladies vectorielles \u00e0 tiques<\/li>\n\n\n\n<li>aupr\u00e8s des entit\u00e9s pilotant ou impliqu\u00e9es dans la recherche en France : INSERM, ANRS MIE, I3M de Aviesan, CNRS, INRAE, CiTique\u00a0;<\/li>\n\n\n\n<li>aupr\u00e8s de France Assos Sant\u00e9\u00a0;<\/li>\n\n\n\n<li>aupr\u00e8s des mutuelles\u00a0;<\/li>\n\n\n\n<li>aupr\u00e8s des \u00e9lus : maires, parlementaires, conseillers d\u00e9partementaux et r\u00e9gionaux\u00a0;<\/li>\n\n\n\n<li>via les sites et r\u00e9seaux sociaux\u00a0;<\/li>\n\n\n\n<li>aupr\u00e8s des partenaires et structures priv\u00e9s de sant\u00e9\u00a0;<\/li>\n\n\n\n<li>aupr\u00e8s des publics en lien avec la nature : centre de protection et d\u2019initiative pour l\u2019environnement, agriculteurs et \u00e9leveurs, associations de protection de la nature, activit\u00e9s sportives et de plein air, randonneurs, forestiers, scouts.<\/li>\n<\/ul>\n\n\n\n<h3 class=\"wp-block-heading has-background\" style=\"background-color:#ade2f9\">&gt; Pourquoi avoir cr\u00e9\u00e9 France Lyme ?<\/h3>\n\n\n\n<p>France Lyme est une association nationale loi 1901 qui a vu le jour en janvier 2008 suite \u00e0 un triple constat : <\/p>\n\n\n\n<ul class=\"wp-block-list\">\n<li>la grande m\u00e9connaissance de la part du grand public des maladies transmises par les tiques<\/li>\n\n\n\n<li>du manque de reconnaissance des malades avec des sympt\u00f4mes persistants suite \u00e0 une maladie de Lyme aig\u00fce <\/li>\n\n\n\n<li>du manque de recherche sur la maladies transmises par les tiques.<\/li>\n<\/ul>\n\n\n\n<h3 class=\"wp-block-heading has-background\" style=\"background-color:#ade2f9\">&gt; L\u2019association France Lyme est organis\u00e9e autour <\/h3>\n\n\n\n<ul class=\"wp-block-list\">\n<li><strong>De groupes de travail<\/strong>, avec une \u00e9quipe nationale d&rsquo;une quinzaine\u00a0de membres travaillent en \u00e9troite collaboration avec le bureau et le CA, dans les\u00a0domaines (non exhaustifs) suivants :\n<ul class=\"wp-block-list\">\n<li>communication : gestion informatique, lien avec les m\u00e9dias, gestion des documents et outils de communication<\/li>\n\n\n\n<li>financement : recherche de financements g\u00e9n\u00e9raux et locaux, montage des dossiers<\/li>\n\n\n\n<li>support aux manifestations : conseils aux b\u00e9n\u00e9voles, soutien mat\u00e9riel<\/li>\n<\/ul>\n<\/li>\n<\/ul>\n\n\n\n<div class=\"wp-block-media-text alignwide\" style=\"grid-template-columns:30% auto\"><figure class=\"wp-block-media-text__media\"><img loading=\"lazy\" decoding=\"async\" width=\"1024\" height=\"432\" src=\"http:\/\/francelyme.fr\/site\/wp-content\/uploads\/2019\/05\/Aider-1024x432.jpg\" alt=\"Aider\" class=\"wp-image-9103 size-full\" srcset=\"https:\/\/francelyme.fr\/site\/wp-content\/uploads\/2019\/05\/Aider-1024x432.jpg 1024w, https:\/\/francelyme.fr\/site\/wp-content\/uploads\/2019\/05\/Aider-300x127.jpg 300w, https:\/\/francelyme.fr\/site\/wp-content\/uploads\/2019\/05\/Aider-768x324.jpg 768w\" sizes=\"auto, (max-width: 1024px) 100vw, 1024px\" \/><\/figure><div class=\"wp-block-media-text__content\">\n<p style=\"font-size:18px\">Nous avons besoin de b\u00e9n\u00e9voles &#8211;&gt; <a href=\"https:\/\/francelyme.fr\/site\/agir\/#benevole\">https:\/\/francelyme.fr\/site\/agir\/#benevole<\/a><\/p>\n<\/div><\/div>\n\n\n\n<ul class=\"wp-block-list\">\n<li><strong>De services<\/strong>, au nombre de 4 avec des b\u00e9n\u00e9voles fortement impliqu\u00e9s pour le service\n<ul class=\"wp-block-list\">\n<li>Aide aux malades <\/li>\n\n\n\n<li>Logistique <\/li>\n\n\n\n<li>Conf\u00e9rences<\/li>\n\n\n\n<li>Pr\u00e9vention<\/li>\n<\/ul>\n<\/li>\n<\/ul>\n\n\n\n<ul class=\"wp-block-list\">\n<li><strong>De sections locales<\/strong>, g\u00e9r\u00e9es par un r\u00e9seau de b\u00e9n\u00e9voles locaux, elles organisent les rencontres entre membres, les actions de pr\u00e9vention, les contacts avec les politiques locaux et les institutions m\u00e9dicales locales. Les sections locales sont en lien \u00e9troit avec le bureau, par le biais d&rsquo;un groupe de responsables qui coordonnent l&rsquo;ensemble des sections locales.<br>Pour proposer votre aide au sein d&rsquo;une section locale existante, ou vous investir localement m\u00eame si votre d\u00e9partement ne comporte pas encore de section, merci de nous \u00e9crire \u00e0 <a href=\"mailto:contact@francelyme.fr\">contact@francelyme.fr<\/a><br><\/li>\n<\/ul>\n\n\n\n<div class=\"wp-block-media-text alignwide\" style=\"grid-template-columns:31% auto\"><figure class=\"wp-block-media-text__media\"><img loading=\"lazy\" decoding=\"async\" width=\"1024\" height=\"432\" src=\"http:\/\/francelyme.fr\/site\/wp-content\/uploads\/2019\/06\/carte-des-sections-locales-1024x432.jpg\" alt=\"\" class=\"wp-image-9237 size-full\" srcset=\"https:\/\/francelyme.fr\/site\/wp-content\/uploads\/2019\/06\/carte-des-sections-locales-1024x432.jpg 1024w, https:\/\/francelyme.fr\/site\/wp-content\/uploads\/2019\/06\/carte-des-sections-locales-300x127.jpg 300w, https:\/\/francelyme.fr\/site\/wp-content\/uploads\/2019\/06\/carte-des-sections-locales-768x324.jpg 768w\" sizes=\"auto, (max-width: 1024px) 100vw, 1024px\" \/><\/figure><div class=\"wp-block-media-text__content\">\n<p style=\"font-size:18px\">Trouver la section la plus proche : <a href=\"https:\/\/francelyme.fr\/site\/carte-des-sections-locales\/\">https:\/\/francelyme.fr\/site\/carte-des-sections-locales\/<\/a><\/p>\n<\/div><\/div>\n\n\n\n<p><\/p>\n<div class=\"like-button\" style=\"float: right; clear: both; text-align: right; width = 100%;\">\n<!-- Facebook Like Button Vivacity Infotech BEGIN -->\n<div class=\"fb-like\" data-href=\"https:\/\/francelyme.fr\/site\/presentation\/\" data-layout=\"box_count\" data-action=\"like\" data-show-faces=\"false\" data-size=\"large\" data-width=\"450\" data-share=\"1\" ><\/div><\/div>\n<!-- Facebook Like Button Vivacity Infotech END -->\n","protected":false},"excerpt":{"rendered":"","protected":false},"author":1,"featured_media":19370,"parent":0,"menu_order":5,"comment_status":"closed","ping_status":"closed","template":"","meta":{"_mc_calendar":[],"footnotes":""},"class_list":["post-6","page","type-page","status-publish","has-post-thumbnail","hentry"],"yoast_head":"<!-- This site is optimized with the Yoast SEO plugin v27.5 - https:\/\/yoast.com\/product\/yoast-seo-wordpress\/ -->\n<title>Qui sommes-nous ? - Association France Lyme<\/title>\n<meta name=\"robots\" content=\"index, follow, max-snippet:-1, max-image-preview:large, max-video-preview:-1\" \/>\n<link rel=\"canonical\" href=\"https:\/\/francelyme.fr\/site\/presentation\/\" \/>\n<meta property=\"og:locale\" content=\"fr_FR\" \/>\n<meta property=\"og:type\" content=\"article\" \/>\n<meta property=\"og:title\" content=\"Qui sommes-nous ? - Association France Lyme\" \/>\n<meta property=\"og:url\" content=\"https:\/\/francelyme.fr\/site\/presentation\/\" \/>\n<meta property=\"og:site_name\" content=\"Association France Lyme\" \/>\n<meta property=\"article:publisher\" content=\"https:\/\/www.facebook.com\/france.lyme\" \/>\n<meta property=\"article:modified_time\" content=\"2026-02-20T22:26:00+00:00\" \/>\n<meta property=\"og:image\" content=\"http:\/\/francelyme.fr\/site\/wp-content\/uploads\/2026\/02\/creation-FL.jpg\" \/>\n\t<meta property=\"og:image:width\" content=\"1536\" \/>\n\t<meta property=\"og:image:height\" content=\"1024\" \/>\n\t<meta property=\"og:image:type\" content=\"image\/jpeg\" \/>\n<meta name=\"twitter:card\" content=\"summary_large_image\" \/>\n<meta name=\"twitter:site\" content=\"@francelyme\" \/>\n<meta name=\"twitter:label1\" content=\"Dur\u00e9e de lecture estim\u00e9e\" \/>\n\t<meta name=\"twitter:data1\" content=\"6 minutes\" \/>\n<script type=\"application\/ld+json\" class=\"yoast-schema-graph\">{\"@context\":\"https:\\\/\\\/schema.org\",\"@graph\":[{\"@type\":\"WebPage\",\"@id\":\"https:\\\/\\\/francelyme.fr\\\/site\\\/presentation\\\/\",\"url\":\"https:\\\/\\\/francelyme.fr\\\/site\\\/presentation\\\/\",\"name\":\"Qui sommes-nous ? - Association France Lyme\",\"isPartOf\":{\"@id\":\"https:\\\/\\\/francelyme.fr\\\/site\\\/#website\"},\"primaryImageOfPage\":{\"@id\":\"https:\\\/\\\/francelyme.fr\\\/site\\\/presentation\\\/#primaryimage\"},\"image\":{\"@id\":\"https:\\\/\\\/francelyme.fr\\\/site\\\/presentation\\\/#primaryimage\"},\"thumbnailUrl\":\"https:\\\/\\\/francelyme.fr\\\/site\\\/wp-content\\\/uploads\\\/2026\\\/02\\\/creation-FL.jpg\",\"datePublished\":\"2012-07-09T15:54:26+00:00\",\"dateModified\":\"2026-02-20T22:26:00+00:00\",\"breadcrumb\":{\"@id\":\"https:\\\/\\\/francelyme.fr\\\/site\\\/presentation\\\/#breadcrumb\"},\"inLanguage\":\"fr-FR\",\"potentialAction\":[{\"@type\":\"ReadAction\",\"target\":[\"https:\\\/\\\/francelyme.fr\\\/site\\\/presentation\\\/\"]}]},{\"@type\":\"ImageObject\",\"inLanguage\":\"fr-FR\",\"@id\":\"https:\\\/\\\/francelyme.fr\\\/site\\\/presentation\\\/#primaryimage\",\"url\":\"https:\\\/\\\/francelyme.fr\\\/site\\\/wp-content\\\/uploads\\\/2026\\\/02\\\/creation-FL.jpg\",\"contentUrl\":\"https:\\\/\\\/francelyme.fr\\\/site\\\/wp-content\\\/uploads\\\/2026\\\/02\\\/creation-FL.jpg\",\"width\":1536,\"height\":1024},{\"@type\":\"BreadcrumbList\",\"@id\":\"https:\\\/\\\/francelyme.fr\\\/site\\\/presentation\\\/#breadcrumb\",\"itemListElement\":[{\"@type\":\"ListItem\",\"position\":1,\"name\":\"Accueil\",\"item\":\"https:\\\/\\\/francelyme.fr\\\/site\\\/\"},{\"@type\":\"ListItem\",\"position\":2,\"name\":\"Qui sommes-nous ?\"}]},{\"@type\":\"WebSite\",\"@id\":\"https:\\\/\\\/francelyme.fr\\\/site\\\/#website\",\"url\":\"https:\\\/\\\/francelyme.fr\\\/site\\\/\",\"name\":\"Association France Lyme\",\"description\":\"Association de lutte contre les maladies vectorielles \u00e0 tiques\",\"publisher\":{\"@id\":\"https:\\\/\\\/francelyme.fr\\\/site\\\/#organization\"},\"potentialAction\":[{\"@type\":\"SearchAction\",\"target\":{\"@type\":\"EntryPoint\",\"urlTemplate\":\"https:\\\/\\\/francelyme.fr\\\/site\\\/?s={search_term_string}\"},\"query-input\":{\"@type\":\"PropertyValueSpecification\",\"valueRequired\":true,\"valueName\":\"search_term_string\"}}],\"inLanguage\":\"fr-FR\"},{\"@type\":\"Organization\",\"@id\":\"https:\\\/\\\/francelyme.fr\\\/site\\\/#organization\",\"name\":\"France Lyme\",\"url\":\"https:\\\/\\\/francelyme.fr\\\/site\\\/\",\"logo\":{\"@type\":\"ImageObject\",\"inLanguage\":\"fr-FR\",\"@id\":\"https:\\\/\\\/francelyme.fr\\\/site\\\/#\\\/schema\\\/logo\\\/image\\\/\",\"url\":\"https:\\\/\\\/francelyme.fr\\\/site\\\/wp-content\\\/uploads\\\/2019\\\/05\\\/francelyme-site.gif\",\"contentUrl\":\"https:\\\/\\\/francelyme.fr\\\/site\\\/wp-content\\\/uploads\\\/2019\\\/05\\\/francelyme-site.gif\",\"width\":180,\"height\":180,\"caption\":\"France Lyme\"},\"image\":{\"@id\":\"https:\\\/\\\/francelyme.fr\\\/site\\\/#\\\/schema\\\/logo\\\/image\\\/\"},\"sameAs\":[\"https:\\\/\\\/www.facebook.com\\\/france.lyme\",\"https:\\\/\\\/x.com\\\/francelyme\",\"https:\\\/\\\/www.youtube.com\\\/channel\\\/UClMCGl3dvkz0iAgXFR1NH1A\"]}]}<\/script>\n<!-- \/ Yoast SEO plugin. -->","yoast_head_json":{"title":"Qui sommes-nous ? - Association France Lyme","robots":{"index":"index","follow":"follow","max-snippet":"max-snippet:-1","max-image-preview":"max-image-preview:large","max-video-preview":"max-video-preview:-1"},"canonical":"https:\/\/francelyme.fr\/site\/presentation\/","og_locale":"fr_FR","og_type":"article","og_title":"Qui sommes-nous ? - Association France Lyme","og_url":"https:\/\/francelyme.fr\/site\/presentation\/","og_site_name":"Association France Lyme","article_publisher":"https:\/\/www.facebook.com\/france.lyme","article_modified_time":"2026-02-20T22:26:00+00:00","og_image":[{"width":1536,"height":1024,"url":"http:\/\/francelyme.fr\/site\/wp-content\/uploads\/2026\/02\/creation-FL.jpg","type":"image\/jpeg"}],"twitter_card":"summary_large_image","twitter_site":"@francelyme","twitter_misc":{"Dur\u00e9e de lecture estim\u00e9e":"6 minutes"},"schema":{"@context":"https:\/\/schema.org","@graph":[{"@type":"WebPage","@id":"https:\/\/francelyme.fr\/site\/presentation\/","url":"https:\/\/francelyme.fr\/site\/presentation\/","name":"Qui sommes-nous ? - Association France Lyme","isPartOf":{"@id":"https:\/\/francelyme.fr\/site\/#website"},"primaryImageOfPage":{"@id":"https:\/\/francelyme.fr\/site\/presentation\/#primaryimage"},"image":{"@id":"https:\/\/francelyme.fr\/site\/presentation\/#primaryimage"},"thumbnailUrl":"https:\/\/francelyme.fr\/site\/wp-content\/uploads\/2026\/02\/creation-FL.jpg","datePublished":"2012-07-09T15:54:26+00:00","dateModified":"2026-02-20T22:26:00+00:00","breadcrumb":{"@id":"https:\/\/francelyme.fr\/site\/presentation\/#breadcrumb"},"inLanguage":"fr-FR","potentialAction":[{"@type":"ReadAction","target":["https:\/\/francelyme.fr\/site\/presentation\/"]}]},{"@type":"ImageObject","inLanguage":"fr-FR","@id":"https:\/\/francelyme.fr\/site\/presentation\/#primaryimage","url":"https:\/\/francelyme.fr\/site\/wp-content\/uploads\/2026\/02\/creation-FL.jpg","contentUrl":"https:\/\/francelyme.fr\/site\/wp-content\/uploads\/2026\/02\/creation-FL.jpg","width":1536,"height":1024},{"@type":"BreadcrumbList","@id":"https:\/\/francelyme.fr\/site\/presentation\/#breadcrumb","itemListElement":[{"@type":"ListItem","position":1,"name":"Accueil","item":"https:\/\/francelyme.fr\/site\/"},{"@type":"ListItem","position":2,"name":"Qui sommes-nous ?"}]},{"@type":"WebSite","@id":"https:\/\/francelyme.fr\/site\/#website","url":"https:\/\/francelyme.fr\/site\/","name":"Association France Lyme","description":"Association de lutte contre les maladies vectorielles \u00e0 tiques","publisher":{"@id":"https:\/\/francelyme.fr\/site\/#organization"},"potentialAction":[{"@type":"SearchAction","target":{"@type":"EntryPoint","urlTemplate":"https:\/\/francelyme.fr\/site\/?s={search_term_string}"},"query-input":{"@type":"PropertyValueSpecification","valueRequired":true,"valueName":"search_term_string"}}],"inLanguage":"fr-FR"},{"@type":"Organization","@id":"https:\/\/francelyme.fr\/site\/#organization","name":"France Lyme","url":"https:\/\/francelyme.fr\/site\/","logo":{"@type":"ImageObject","inLanguage":"fr-FR","@id":"https:\/\/francelyme.fr\/site\/#\/schema\/logo\/image\/","url":"https:\/\/francelyme.fr\/site\/wp-content\/uploads\/2019\/05\/francelyme-site.gif","contentUrl":"https:\/\/francelyme.fr\/site\/wp-content\/uploads\/2019\/05\/francelyme-site.gif","width":180,"height":180,"caption":"France Lyme"},"image":{"@id":"https:\/\/francelyme.fr\/site\/#\/schema\/logo\/image\/"},"sameAs":["https:\/\/www.facebook.com\/france.lyme","https:\/\/x.com\/francelyme","https:\/\/www.youtube.com\/channel\/UClMCGl3dvkz0iAgXFR1NH1A"]}]}},"_links":{"self":[{"href":"https:\/\/francelyme.fr\/site\/wp-json\/wp\/v2\/pages\/6","targetHints":{"allow":["GET"]}}],"collection":[{"href":"https:\/\/francelyme.fr\/site\/wp-json\/wp\/v2\/pages"}],"about":[{"href":"https:\/\/francelyme.fr\/site\/wp-json\/wp\/v2\/types\/page"}],"author":[{"embeddable":true,"href":"https:\/\/francelyme.fr\/site\/wp-json\/wp\/v2\/users\/1"}],"replies":[{"embeddable":true,"href":"https:\/\/francelyme.fr\/site\/wp-json\/wp\/v2\/comments?post=6"}],"version-history":[{"count":45,"href":"https:\/\/francelyme.fr\/site\/wp-json\/wp\/v2\/pages\/6\/revisions"}],"predecessor-version":[{"id":19214,"href":"https:\/\/francelyme.fr\/site\/wp-json\/wp\/v2\/pages\/6\/revisions\/19214"}],"wp:featuredmedia":[{"embeddable":true,"href":"https:\/\/francelyme.fr\/site\/wp-json\/wp\/v2\/media\/19370"}],"wp:attachment":[{"href":"https:\/\/francelyme.fr\/site\/wp-json\/wp\/v2\/media?parent=6"}],"curies":[{"name":"wp","href":"https:\/\/api.w.org\/{rel}","templated":true}]}}